{"id":137,"date":"2016-02-17T14:26:28","date_gmt":"2016-02-17T14:26:28","guid":{"rendered":"https:\/\/www.umealaia.org\/gipuzkoa\/?page_id=137"},"modified":"2023-02-06T17:44:02","modified_gmt":"2023-02-06T17:44:02","slug":"programa-de-formacion-y-acompanamiento-para-solicitantes-de-adopcion","status":"publish","type":"page","link":"https:\/\/www.umealaia.org\/gipuzkoa\/programas\/programa-de-formacion-y-acompanamiento-para-solicitantes-de-adopcion\/","title":{"rendered":"Programa de formaci\u00f3n y acompa\u00f1amiento para solicitantes de adopci\u00f3n"},"content":{"rendered":"<p><strong>Actividad integrada en el programa\u00a0<a href=\"http:\/\/www.umealaia.com\/index.php\/es\/programas\/formacion-y-acompanamiento\/26-servicios\/86-programa-adobide\">ADOBIDE<\/a>\u00a0en colaboraci\u00f3n con el Departamento de Pol\u00edtica Social de la Diputaci\u00f3n Foral de Gipuzkoa.<\/strong><\/p>\n<p>Este programa ofrece formaci\u00f3n espec\u00edfica a las familias en espera de asignaci\u00f3n una vez obtenido el Certificado de Idoneidad.<\/p>\n<p>Pretende dotar de contenido un espacio considerado, en ocasiones, \u201cperdido\u201d y brindar una oportunidad \u00fanica de preparaci\u00f3n familiar en un momento emocional distinto.<\/p>\n<p>Por este motivo, se considera que el per\u00edodo de la espera es un buen momento para que las futuras familias adoptivas se sigan preparando para la llegada de su futuro\/a hijo\/a, anticipando c\u00f3mo pueden facilitar la adaptaci\u00f3n y la integraci\u00f3n de estos\/as ni\u00f1os\/as en sus familias y sacar el m\u00e1ximo provecho de sus propios recursos.<\/p>\n<p>El objetivo es concienciar a los futuros adoptantes y acompa\u00f1arles, desde el inicio del proceso de adopci\u00f3n, del alcance personal, familiar y social que comporta ser familia adoptiva y las especificidades que conlleva la integraci\u00f3n del menor adoptado, que antes de este hecho ya ha establecido v\u00ednculos afectivos, tiene su propia historia y trae consigo un c\u00famulo de vivencias, recuerdos y experiencias.<\/p>\n<p>La formaci\u00f3n se realiza en grupo de 10 familias como m\u00e1ximo, dirigido por un profesional y la colaboraci\u00f3n de familias adoptivas en algunas sesiones. La duraci\u00f3n es de 9 sesiones de 2 horas cada una, con una frecuencia mensual.<\/p>\n<p>&nbsp;<\/p>\n<p>&nbsp;<\/p>\n","protected":false},"excerpt":{"rendered":"<p>Actividad integrada en el programa\u00a0ADOBIDE\u00a0en colaboraci\u00f3n con el Departamento de Pol\u00edtica Social de la Diputaci\u00f3n Foral de Gipuzkoa. Este programa ofrece formaci\u00f3n espec\u00edfica a las familias en espera de asignaci\u00f3n una vez obtenido el Certificado de Idoneidad. Pretende dotar de contenido un espacio considerado, en ocasiones, \u201cperdido\u201d y brindar una oportunidad \u00fanica de preparaci\u00f3n familiar [&hellip;]<\/p>\n","protected":false},"author":1,"featured_media":0,"parent":135,"menu_order":0,"comment_status":"closed","ping_status":"closed","template":"","meta":{"_acf_changed":false,"footnotes":""},"class_list":["post-137","page","type-page","status-publish","hentry"],"acf":[],"_links":{"self":[{"href":"https:\/\/www.umealaia.org\/gipuzkoa\/wp-json\/wp\/v2\/pages\/137","targetHints":{"allow":["GET"]}}],"collection":[{"href":"https:\/\/www.umealaia.org\/gipuzkoa\/wp-json\/wp\/v2\/pages"}],"about":[{"href":"https:\/\/www.umealaia.org\/gipuzkoa\/wp-json\/wp\/v2\/types\/page"}],"author":[{"embeddable":true,"href":"https:\/\/www.umealaia.org\/gipuzkoa\/wp-json\/wp\/v2\/users\/1"}],"replies":[{"embeddable":true,"href":"https:\/\/www.umealaia.org\/gipuzkoa\/wp-json\/wp\/v2\/comments?post=137"}],"version-history":[{"count":4,"href":"https:\/\/www.umealaia.org\/gipuzkoa\/wp-json\/wp\/v2\/pages\/137\/revisions"}],"predecessor-version":[{"id":383,"href":"https:\/\/www.umealaia.org\/gipuzkoa\/wp-json\/wp\/v2\/pages\/137\/revisions\/383"}],"up":[{"embeddable":true,"href":"https:\/\/www.umealaia.org\/gipuzkoa\/wp-json\/wp\/v2\/pages\/135"}],"wp:attachment":[{"href":"https:\/\/www.umealaia.org\/gipuzkoa\/wp-json\/wp\/v2\/media?parent=137"}],"curies":[{"name":"wp","href":"https:\/\/api.w.org\/{rel}","templated":true}]}}