{"id":309,"date":"2016-11-25T12:54:13","date_gmt":"2016-11-25T11:54:13","guid":{"rendered":"https:\/\/www.umealaia.org\/enlaces\/"},"modified":"2021-10-23T13:29:09","modified_gmt":"2021-10-23T12:29:09","slug":"loturak","status":"publish","type":"page","link":"https:\/\/www.umealaia.org\/eu\/loturak\/","title":{"rendered":"Loturak"},"content":{"rendered":"<p>Con  el  fin  de  simplificar  el  trabajo  esta  secci\u00f3n  recoge  enlaces  que  puedan  resultar  interesantes  para  las  tres  asociaciones  que  componen  la  federaci\u00f3n  Ume  Alaia  Euskadi,  tambi\u00e9n  puedes  acceder  a  los  enlaces  desde  la  web  de  cada  una  de  las  asociaciones.<\/p>\n<ul class=\"simple-links-list\" ><li class=\"simple-links-item simple-links-shortcode-item\" id=\"link-130\"><a href=\"http:\/\/www.asturadop.org\/default.php\" target=\"\" title=\"[:es]ASTURADOP . Asociaci\u00f3n Asturiana de Adoptantes. (Asturias).[:]\" >ASTURADOP . Asociaci\u00f3n Asturiana de Adoptantes. (Asturias).<\/a><\/li><li class=\"simple-links-item simple-links-shortcode-item\" id=\"link-160\"><a href=\"http:\/\/http\/\/sociedad.elpais.com\/sociedad\/2014\/01\/06\/actualidad\/1389037298_488155.html\" target=\"\" title=\"[:es]La mayor\u00eda de ni\u00f1os adoptados en el extranjero choca contra el racismo[:]\" >La mayor\u00eda de ni\u00f1os adoptados en el extranjero choca contra el racismo<\/a><\/li><li class=\"simple-links-item simple-links-shortcode-item\" id=\"link-158\"><a href=\"http:\/\/www.adoptando.blogspot.com.es\/\" target=\"\" title=\"[:es]BLOG sobre adopci\u00f3n[:]\" >BLOG sobre adopci\u00f3n<\/a><\/li><li class=\"simple-links-item simple-links-shortcode-item\" id=\"link-156\"><a href=\"http:\/\/www.adoptia.org\/cas\/index.aspx\" target=\"\" title=\"[:es]Adoptia: servicio de atenci\u00f3n psicosocial integral y de consultor\u00eda especializada en acogimiento familiar y adopci\u00f3n situado en Bizkaia[:]\" >Adoptia: servicio de atenci\u00f3n psicosocial integral y de consultor\u00eda especializada en acogimiento familiar y adopci\u00f3n situado en Bizkaia<\/a><\/li><li class=\"simple-links-item simple-links-shortcode-item\" id=\"link-154\"><a href=\"http:\/\/www.bizkaia.net\/home2\/Temas\/DetalleTema.asp?Tem_Codigo=1786&amp;Idioma=CA\" target=\"\" title=\"[:es]DFB - BFA: Adopci\u00f3n nacional[:]\" >DFB - BFA: Adopci\u00f3n nacional<\/a><\/li><li class=\"simple-links-item simple-links-shortcode-item\" id=\"link-152\"><a href=\"http:\/\/www.bizkaia.net\/home2\/temas\/detalletema.asp?tem_codigo=1787&amp;idioma=CA\" target=\"\" title=\"[:es]DFB - BFA: Adopci\u00f3n Internacional[:]\" >DFB - BFA: Adopci\u00f3n Internacional<\/a><\/li><li class=\"simple-links-item simple-links-shortcode-item\" id=\"link-150\"><a href=\"http:\/\/www.adoptivanet.info\/empezando\/familia-responsabilidad.php\" target=\"\" title=\"[:es]Responsabilidad en la legalidad y \u00e9tica del proceso de adopci\u00f3n[:]\" >Responsabilidad en la legalidad y \u00e9tica del proceso de adopci\u00f3n<\/a><\/li><li class=\"simple-links-item simple-links-shortcode-item\" id=\"link-148\"><a href=\"http:\/\/www.peliculasyadopcion.blogspot.com.es\/\" target=\"\" title=\"[:es]Pel\u00edculas y Adopci\u00f3n - Un blog sobre documentales y v\u00eddeos sobre adopci\u00f3n, acogimiento y temas relacionados (abandono, orfandad...)[:]\" >Pel\u00edculas y Adopci\u00f3n - Un blog sobre documentales y v\u00eddeos sobre adopci\u00f3n, acogimiento y temas relacionados (abandono, orfandad...)<\/a><\/li><li class=\"simple-links-item simple-links-shortcode-item\" id=\"link-146\"><a href=\"http:\/\/www.unionlaluna.org\/\" target=\"\" title=\"[:es]Uni\u00f3n La Luna - Uni\u00f3n por la Adopci\u00f3n y el Acogimiento[:]\" >Uni\u00f3n La Luna - Uni\u00f3n por la Adopci\u00f3n y el Acogimiento<\/a><\/li><li class=\"simple-links-item simple-links-shortcode-item\" id=\"link-144\"><a href=\"http:\/\/www.pandanavarra.net\/\" target=\"\" title=\"[:es]PANDA . Asociaci\u00f3n Panda de Navarra. As. Familias Adoptantes en China (Navarra).[:]\" >PANDA . Asociaci\u00f3n Panda de Navarra. As. Familias Adoptantes en China (Navarra).<\/a><\/li><li class=\"simple-links-item simple-links-shortcode-item\" id=\"link-142\"><a href=\"http:\/\/www.manaia.es\/\" target=\"\" title=\"[:es]MANAIA . Asociaci\u00f3n Gallega de Ayuda a la Adopci\u00f3n. (Galicia)[:]\" >MANAIA . Asociaci\u00f3n Gallega de Ayuda a la Adopci\u00f3n. (Galicia)<\/a><\/li><li class=\"simple-links-item simple-links-shortcode-item\" id=\"link-140\"><a href=\"http:\/\/www.lavozdelosadoptados.es\/\" target=\"\" title=\"[:es]La voz de los adoptados - Punto de encuentro y un espacio de debate y de intercambio entre personas adoptadas[:]\" >La voz de los adoptados - Punto de encuentro y un espacio de debate y de intercambio entre personas adoptadas<\/a><\/li><li class=\"simple-links-item simple-links-shortcode-item\" id=\"link-138\"><a href=\"http:\/\/www.amicsinfantsmarroc.org\/\" target=\"\" title=\"[:es]IMA . Amics dels infants del Marroc (Amigos de la infancia de Marruecos)[:]\" >IMA . Amics dels infants del Marroc (Amigos de la infancia de Marruecos)<\/a><\/li><li class=\"simple-links-item simple-links-shortcode-item\" id=\"link-136\"><a href=\"http:\/\/hijosqueesperan.blogspot.com.es\/\" target=\"\" title=\"[:es]Hijos que Esperan . Asociaci\u00f3n de Familias Adoptantes de Ni\u00f1os y Ni\u00f1as con Necesidades Especiales.[:]\" >Hijos que Esperan . Asociaci\u00f3n de Familias Adoptantes de Ni\u00f1os y Ni\u00f1as con Necesidades Especiales.<\/a><\/li><li class=\"simple-links-item simple-links-shortcode-item\" id=\"link-134\"><a href=\"http:\/\/www.famuradopcion.es\/\" target=\"\" title=\"[:es]FAMUR . Asociaci\u00f3n de Familias Adoptantes de Murcia.[:]\" >FAMUR . Asociaci\u00f3n de Familias Adoptantes de Murcia.<\/a><\/li><li class=\"simple-links-item simple-links-shortcode-item\" id=\"link-132\"><a href=\"http:\/\/www.asatlas.org\/\" target=\"\" title=\"[:es]ATLAS . Asociaci\u00f3n Atlas en Defensa de la Adopci\u00f3n. (Madrid).[:]\" >ATLAS . Asociaci\u00f3n Atlas en Defensa de la Adopci\u00f3n. (Madrid).<\/a><\/li><li class=\"simple-links-item simple-links-shortcode-item\" id=\"link-99\"><a href=\"http:\/\/www.adoptivanet.info\/\" target=\"\" title=\"\" >Adopci\u00f3n para principiantes<\/a><\/li><li class=\"simple-links-item simple-links-shortcode-item\" id=\"link-128\"><a href=\"http:\/\/www.asfaru.org\/\" target=\"\" title=\"[:es]ASFARU . Asociaci\u00f3n de Familias Adoptantes en Rusia.[:]\" >ASFARU . Asociaci\u00f3n de Familias Adoptantes en Rusia.<\/a><\/li><li class=\"simple-links-item simple-links-shortcode-item\" id=\"link-126\"><a href=\"http:\/\/www.arfacyl.org\/\" target=\"\" title=\"[:es]ARFACYL . Asociaci\u00f3n Regional de Familias Adoptantes de Castilla y Le\u00f3n[:]\" >ARFACYL . Asociaci\u00f3n Regional de Familias Adoptantes de Castilla y Le\u00f3n<\/a><\/li><li class=\"simple-links-item simple-links-shortcode-item\" id=\"link-124\"><a href=\"http:\/\/www.anichi.info\/\" target=\"\" title=\"[:es]ANICHI . Adopci\u00f3n de ni\u00f1os en China.[:]\" >ANICHI . Adopci\u00f3n de ni\u00f1os en China.<\/a><\/li><li class=\"simple-links-item simple-links-shortcode-item\" id=\"link-122\"><a href=\"http:\/\/www.amigosdeucrania.org\/\" target=\"\" title=\"[:es]AMIGOS DE UCRANIA . Asociaci\u00f3n ciudadana para la cooperaci\u00f3n con Ucrania.[:]\" >AMIGOS DE UCRANIA . Asociaci\u00f3n ciudadana para la cooperaci\u00f3n con Ucrania.<\/a><\/li><li class=\"simple-links-item simple-links-shortcode-item\" id=\"link-120\"><a href=\"http:\/\/www.amada-cim.com\/\" target=\"\" title=\"[:es]AMADA . Asociaci\u00f3n Castellano- Manchega de Adopci\u00f3n y Acogimiento Pre-adoptivo. (Castilla - La Mancha)[:]\" >AMADA . Asociaci\u00f3n Castellano- Manchega de Adopci\u00f3n y Acogimiento Pre-adoptivo. (Castilla - La Mancha)<\/a><\/li><li class=\"simple-links-item simple-links-shortcode-item\" id=\"link-118\"><a href=\"http:\/\/web.me.com\/tomeusom\/aiba\/Benvinguts.html\" target=\"\" title=\"[:es]AIBA . Asociaci\u00f3n Islas Baleares de Adopci\u00f3n. (Baleares).[:]\" >AIBA . Asociaci\u00f3n Islas Baleares de Adopci\u00f3n. (Baleares).<\/a><\/li><li class=\"simple-links-item simple-links-shortcode-item\" id=\"link-116\"><a href=\"http:\/\/www.afamundi.org\/afamundi-106.htm\" target=\"\" title=\"[:es]AFAMUNDI . Asociaci\u00f3n de familias para la ayuda a la adopci\u00f3n en el mundo. (Cantabria)[:]\" >AFAMUNDI . Asociaci\u00f3n de familias para la ayuda a la adopci\u00f3n en el mundo. (Cantabria)<\/a><\/li><li class=\"simple-links-item simple-links-shortcode-item\" id=\"link-114\"><a href=\"http:\/\/www.afaic.org\/\" target=\"\" title=\"[:es]AFAIC . Asociaci\u00f3n de Familias Adoptantes de las Islas Canarias.[:]\" >AFAIC . Asociaci\u00f3n de Familias Adoptantes de las Islas Canarias.<\/a><\/li><li class=\"simple-links-item simple-links-shortcode-item\" id=\"link-112\"><a href=\"http:\/\/www.afadena.es\/\" target=\"\" title=\"[:es]AFADENA . Asociaci\u00f3n de Familias Adoptivas de Navarra.[:]\" >AFADENA . Asociaci\u00f3n de Familias Adoptivas de Navarra.<\/a><\/li><li class=\"simple-links-item simple-links-shortcode-item\" id=\"link-110\"><a href=\"http:\/\/www.afada.org\/\" target=\"\" title=\"[:es]AFADA . Asociaci\u00f3n de Familias Adoptantes de Arag\u00f3n). (Arag\u00f3n).[:]\" >AFADA . Asociaci\u00f3n de Familias Adoptantes de Arag\u00f3n). (Arag\u00f3n).<\/a><\/li><li class=\"simple-links-item simple-links-shortcode-item\" id=\"link-108\"><a href=\"http:\/\/www.afac.info\/\" target=\"\" title=\"[:es]AFAC . Asociaci\u00f3n de Familias Adoptantes en China. (Catalunya).[:]\" >AFAC . Asociaci\u00f3n de Familias Adoptantes en China. (Catalunya).<\/a><\/li><li class=\"simple-links-item simple-links-shortcode-item\" id=\"link-106\"><a href=\"http:\/\/www.afaar.es\/\" target=\"\" title=\"\" >AFAAR. Asociaci\u00f3n de Familias Adoptantes y de Acogimiento de la Rioja.<\/a><\/li><li class=\"simple-links-item simple-links-shortcode-item\" id=\"link-104\"><a href=\"http:\/\/www.coraenlared.org\/\" target=\"\" title=\"\" >CORA - Coordinadora de asociaciones en defensa de la adopci\u00f3n y el acogimiento<\/a><\/li><li class=\"simple-links-item simple-links-shortcode-item\" id=\"link-101\"><a href=\"http:\/\/www.buenostratos.com\/\" target=\"\" title=\"[:es]Blog sobre apego, trauma, resilencia, desarrollo....[:]\" >Buenos tratos - Blog sobre apego, trauma, resilencia, desarrollo....<\/a><\/li><\/ul><!-- End .simple-links-list -->\n","protected":false},"excerpt":{"rendered":"<p>Con  el  fin  de  simplificar  el  trabajo  esta  secci\u00f3n  recoge  enlaces  que  puedan  resultar  interesantes  para  las  tres  asociaciones  que  componen  la  federaci\u00f3n  Ume  Alaia  Euskadi,  tambi\u00e9n  puedes  acceder  a  los  enlaces  desde  la  web  de  cada  una  de  las  asociaciones.<\/p>\n","protected":false},"author":1,"featured_media":0,"parent":0,"menu_order":0,"comment_status":"closed","ping_status":"closed","template":"","meta":{"_acf_changed":false,"footnotes":""},"class_list":["post-309","page","type-page","status-publish","hentry"],"acf":[],"_links":{"self":[{"href":"https:\/\/www.umealaia.org\/eu\/wp-json\/wp\/v2\/pages\/309","targetHints":{"allow":["GET"]}}],"collection":[{"href":"https:\/\/www.umealaia.org\/eu\/wp-json\/wp\/v2\/pages"}],"about":[{"href":"https:\/\/www.umealaia.org\/eu\/wp-json\/wp\/v2\/types\/page"}],"author":[{"embeddable":true,"href":"https:\/\/www.umealaia.org\/eu\/wp-json\/wp\/v2\/users\/1"}],"replies":[{"embeddable":true,"href":"https:\/\/www.umealaia.org\/eu\/wp-json\/wp\/v2\/comments?post=309"}],"version-history":[{"count":1,"href":"https:\/\/www.umealaia.org\/eu\/wp-json\/wp\/v2\/pages\/309\/revisions"}],"predecessor-version":[{"id":310,"href":"https:\/\/www.umealaia.org\/eu\/wp-json\/wp\/v2\/pages\/309\/revisions\/310"}],"wp:attachment":[{"href":"https:\/\/www.umealaia.org\/eu\/wp-json\/wp\/v2\/media?parent=309"}],"curies":[{"name":"wp","href":"https:\/\/api.w.org\/{rel}","templated":true}]}}