{"id":60,"date":"2016-02-24T17:10:57","date_gmt":"2016-02-24T16:10:57","guid":{"rendered":"https:\/\/www.umealaia.org\/bizkaia\/?page_id=60"},"modified":"2023-04-21T13:56:15","modified_gmt":"2023-04-21T12:56:15","slug":"enlaces","status":"publish","type":"page","link":"https:\/\/www.umealaia.org\/bizkaia\/enlaces\/","title":{"rendered":"Enlaces"},"content":{"rendered":"<h4 class=\"simple-links-title\"> General <\/h4><ul class=\"simple-links-list\" ><li class=\"simple-links-item simple-links-shortcode-item\" id=\"link-77\"><a href=\"http:\/\/www.adoptivanet.info\/\" target=\"\" title=\"\" >Adopci\u00f3n para principiantes<\/a><\/li><li class=\"simple-links-item simple-links-shortcode-item\" id=\"link-82\"><a href=\"http:\/\/www.buenostratos.com\/\" target=\"\" title=\"\" >BUENOS TRATOS- Blog sobre apego, trauma, resilencia, desarrollo...<\/a><\/li><li class=\"simple-links-item simple-links-shortcode-item\" id=\"link-84\"><a href=\"http:\/\/www.coraenlared.org\/\" target=\"\" title=\"\" >Cora - Coordinadora de Asociaciones en Defensa de la Adopci\u00f3n y el Acogimiento<\/a><\/li><li class=\"simple-links-item simple-links-shortcode-item\" id=\"link-86\"><a href=\"http:\/\/www.peliculasyadopcion.blogspot.com.es\/\" target=\"\" title=\"\" >Pel\u00edculas y Adopci\u00f3n - Un blog sobre documentales y v\u00eddeos sobre adopci\u00f3n, acogimiento y temas relacionados (abandono, orfandad...)<\/a><\/li><li class=\"simple-links-item simple-links-shortcode-item\" id=\"link-88\"><a href=\"http:\/\/www.adoptivanet.info\/empezando\/familia-responsabilidad.php\" target=\"\" title=\"\" >Responsabilidad en la legalidad y \u00e9tica del proceso de adopci\u00f3n<\/a><\/li><\/ul><!-- End .simple-links-list -->\n<h4 class=\"simple-links-title\">Asociaciones de familias adoptivas <\/h4><ul class=\"simple-links-list\" ><li class=\"simple-links-item simple-links-shortcode-item\" id=\"link-125\"><a href=\"http:\/\/www.asfaru.org\/\" target=\"_blank\" title=\"\" >ASFARU . Asociaci\u00f3n de Familias Adoptantes en Rusia.<\/a><\/li><li class=\"simple-links-item simple-links-shortcode-item\" id=\"link-149\"><a href=\"http:\/\/www.unionlaluna.org\/\" target=\"_blank\" title=\"\" >Uni\u00f3n La Luna - Uni\u00f3n por la Adopci\u00f3n y el Acogimiento<\/a><\/li><li class=\"simple-links-item simple-links-shortcode-item\" id=\"link-147\"><a href=\"http:\/\/www.umealaia.com\/\" target=\"_blank\" title=\"\" >UME ALAIA Gipuzkoa<\/a><\/li><li class=\"simple-links-item simple-links-shortcode-item\" id=\"link-145\"><a href=\"http:\/\/umealaiaa.blogspot.com\/\" target=\"_blank\" title=\"\" >UME ALAIA Araba<\/a><\/li><li class=\"simple-links-item simple-links-shortcode-item\" id=\"link-142\"><a href=\"http:\/\/www.pandanavarra.net\/\" target=\"_blank\" title=\"\" >PANDA . Asociaci\u00f3n Panda de Navarra. As. Familias Adoptantes en China (Navarra).<\/a><\/li><li class=\"simple-links-item simple-links-shortcode-item\" id=\"link-139\"><a href=\"http:\/\/www.lavozdelosadoptados.es\/\" target=\"_blank\" title=\"\" >La voz de los adoptados - Punto de encuentro y un espacio de debate y de intercambio entre personas adoptadas<\/a><\/li><li class=\"simple-links-item simple-links-shortcode-item\" id=\"link-137\"><a href=\"http:\/\/www.manaia.es\/\" target=\"_blank\" title=\"\" >MANAIA . Asociaci\u00f3n Gallega de Ayuda a la Adopci\u00f3n. (Galicia)<\/a><\/li><li class=\"simple-links-item simple-links-shortcode-item\" id=\"link-135\"><a href=\"http:\/\/www.amicsinfantsmarroc.org\/\" target=\"_blank\" title=\"\" >IMA . Amics dels infants del Marroc (Amigos de la infancia de Marruecos)<\/a><\/li><li class=\"simple-links-item simple-links-shortcode-item\" id=\"link-133\"><a href=\"http:\/\/hijosqueesperan.blogspot.com.es\/\" target=\"_blank\" title=\"\" >Hijos que Esperan . Asociaci\u00f3n de Familias Adoptantes de Ni\u00f1os y Ni\u00f1as con Necesidades Especiales.<\/a><\/li><li class=\"simple-links-item simple-links-shortcode-item\" id=\"link-131\"><a href=\"http:\/\/www.famuradopcion.es\/\" target=\"_blank\" title=\"\" >FAMUR . Asociaci\u00f3n de Familias Adoptantes de Murcia.<\/a><\/li><li class=\"simple-links-item simple-links-shortcode-item\" id=\"link-129\"><a href=\"http:\/\/www.asatlas.org\/\" target=\"_blank\" title=\"\" >ATLAS . Asociaci\u00f3n Atlas en Defensa de la Adopci\u00f3n. (Madrid).<\/a><\/li><li class=\"simple-links-item simple-links-shortcode-item\" id=\"link-127\"><a href=\"http:\/\/www.asturadop.org\/default.php\" target=\"_blank\" title=\"\" >ASTURADOP . Asociaci\u00f3n Asturiana de Adoptantes. (Asturias).<\/a><\/li><li class=\"simple-links-item simple-links-shortcode-item\" id=\"link-103\"><a href=\"http:\/\/www.afaar.es\/\" target=\"_blank\" title=\"\" >AFAAR. Asociaci\u00f3n de Familias Adoptantes y de Acogimiento de la Rioja.<\/a><\/li><li class=\"simple-links-item simple-links-shortcode-item\" id=\"link-123\"><a href=\"http:\/\/www.arfacyl.org\/\" target=\"_blank\" title=\"\" >ARFACYL . Asociaci\u00f3n Regional de Familias Adoptantes de Castilla y Le\u00f3n<\/a><\/li><li class=\"simple-links-item simple-links-shortcode-item\" id=\"link-121\"><a href=\"http:\/\/www.anichi.info\/\" target=\"_blank\" title=\"\" >ANICHI . Adopci\u00f3n de ni\u00f1os en China.<\/a><\/li><li class=\"simple-links-item simple-links-shortcode-item\" id=\"link-119\"><a href=\"http:\/\/www.amigosdeucrania.org\/\" target=\"_blank\" title=\"\" >AMIGOS DE UCRANIA . Asociaci\u00f3n ciudadana para la cooperaci\u00f3n con Ucrania.<\/a><\/li><li class=\"simple-links-item simple-links-shortcode-item\" id=\"link-117\"><a href=\"http:\/\/www.amada-cim.com\/\" target=\"_blank\" title=\"\" >AMADA . Asociaci\u00f3n Castellano- Manchega de Adopci\u00f3n y Acogimiento Pre-adoptivo. (Castilla - La Mancha)<\/a><\/li><li class=\"simple-links-item simple-links-shortcode-item\" id=\"link-115\"><a href=\"http:\/\/www.aiba.cat\/www.aiba.cat\/En_castellano.html\" target=\"_blank\" title=\"\" >AIBA . Asociaci\u00f3n Islas Baleares de Adopci\u00f3n. (Baleares).<\/a><\/li><li class=\"simple-links-item simple-links-shortcode-item\" id=\"link-113\"><a href=\"http:\/\/www.afamundi.org\/afamundi-106.htm\" target=\"_blank\" title=\"\" >AFAMUNDI . Asociaci\u00f3n de familias para la ayuda a la adopci\u00f3n en el mundo. (Cantabria)<\/a><\/li><li class=\"simple-links-item simple-links-shortcode-item\" id=\"link-111\"><a href=\"http:\/\/www.afaic.org\/\" target=\"_blank\" title=\"\" >AFAIC . Asociaci\u00f3n de Familias Adoptantes de las Islas Canarias.<\/a><\/li><li class=\"simple-links-item simple-links-shortcode-item\" id=\"link-109\"><a href=\"http:\/\/www.afadena.es\/\" target=\"_blank\" title=\"\" >AFADENA . Asociaci\u00f3n de Familias Adoptivas de Navarra.<\/a><\/li><li class=\"simple-links-item simple-links-shortcode-item\" id=\"link-107\"><a href=\"http:\/\/www.afada.org\/\" target=\"_blank\" title=\"\" >AFADA . Asociaci\u00f3n de Familias Adoptantes de Arag\u00f3n). (Arag\u00f3n)<\/a><\/li><li class=\"simple-links-item simple-links-shortcode-item\" id=\"link-105\"><a href=\"http:\/\/www.afac.info\/\" target=\"_blank\" title=\"\" >AFAC . Asociaci\u00f3n de Familias Adoptantes en China. (Catalunya).<\/a><\/li><\/ul><!-- End .simple-links-list -->\n<h4 class=\"simple-links-title\">Direcciones webs sociales e instituciones <\/h4><ul class=\"simple-links-list\" ><li class=\"simple-links-item simple-links-shortcode-item\" id=\"link-93\"><a href=\"http:\/\/www.bizkaia.net\/home2\/temas\/detalletema.asp?tem_codigo=1787&amp;idioma=CA\" target=\"\" title=\"\" >DFB - BFA: Adopci\u00f3n Internacional<\/a><\/li><li class=\"simple-links-item simple-links-shortcode-item\" id=\"link-95\"><a href=\"http:\/\/www.bizkaia.net\/home2\/Temas\/DetalleTema.asp?Tem_Codigo=1786&amp;Idioma=CA\" target=\"\" title=\"\" >DFB - BFA: Adopci\u00f3n nacional<\/a><\/li><\/ul><!-- End .simple-links-list -->\n<h4 class=\"simple-links-title\">Post-adopci\u00f3n <\/h4><ul class=\"simple-links-list\" ><li class=\"simple-links-item simple-links-shortcode-item\" id=\"link-97\"><a href=\"http:\/\/www.adoptia.org\/cas\/index.aspx\" target=\"\" title=\"\" >Adoptia: servicio de atenci\u00f3n psicosocial integral y de consultor\u00eda especializada en acogimiento familiar y adopci\u00f3n situado en Bizkaia<\/a><\/li><li class=\"simple-links-item simple-links-shortcode-item\" id=\"link-99\"><a href=\"http:\/\/www.adoptando.blogspot.com.es\/\" target=\"\" title=\"\" >BLOG sobre adopci\u00f3n<\/a><\/li><li class=\"simple-links-item simple-links-shortcode-item\" id=\"link-101\"><a href=\"http:\/\/sociedad.elpais.com\/sociedad\/2014\/01\/06\/actualidad\/1389037298_488155.html\" target=\"\" title=\"\" >La mayor\u00eda de ni\u00f1os adoptados en el extranjero choca contra el racismo<\/a><\/li><\/ul><!-- End .simple-links-list -->\n","protected":false},"excerpt":{"rendered":"","protected":false},"author":1,"featured_media":0,"parent":0,"menu_order":0,"comment_status":"closed","ping_status":"closed","template":"","meta":{"_acf_changed":false,"footnotes":""},"class_list":["post-60","page","type-page","status-publish","hentry"],"acf":[],"_links":{"self":[{"href":"https:\/\/www.umealaia.org\/bizkaia\/wp-json\/wp\/v2\/pages\/60","targetHints":{"allow":["GET"]}}],"collection":[{"href":"https:\/\/www.umealaia.org\/bizkaia\/wp-json\/wp\/v2\/pages"}],"about":[{"href":"https:\/\/www.umealaia.org\/bizkaia\/wp-json\/wp\/v2\/types\/page"}],"author":[{"embeddable":true,"href":"https:\/\/www.umealaia.org\/bizkaia\/wp-json\/wp\/v2\/users\/1"}],"replies":[{"embeddable":true,"href":"https:\/\/www.umealaia.org\/bizkaia\/wp-json\/wp\/v2\/comments?post=60"}],"version-history":[{"count":5,"href":"https:\/\/www.umealaia.org\/bizkaia\/wp-json\/wp\/v2\/pages\/60\/revisions"}],"predecessor-version":[{"id":250,"href":"https:\/\/www.umealaia.org\/bizkaia\/wp-json\/wp\/v2\/pages\/60\/revisions\/250"}],"wp:attachment":[{"href":"https:\/\/www.umealaia.org\/bizkaia\/wp-json\/wp\/v2\/media?parent=60"}],"curies":[{"name":"wp","href":"https:\/\/api.w.org\/{rel}","templated":true}]}}