{"id":30,"date":"2016-02-22T18:20:32","date_gmt":"2016-02-22T17:20:32","guid":{"rendered":"https:\/\/www.umealaia.org\/bizkaia\/?page_id=30"},"modified":"2022-07-01T08:44:45","modified_gmt":"2022-07-01T07:44:45","slug":"quienes_somos","status":"publish","type":"page","link":"https:\/\/www.umealaia.org\/bizkaia\/quienes_somos\/","title":{"rendered":"Quienes somos"},"content":{"rendered":"<p class=\"Verdana14px_marron\" align=\"justify\">Somos un grupo de padres y madres adoptantes que de manera voluntaria y no lucrativa dedicamos parte de nuestro tiempo a un proyecto asociativo, que a nuestro entender, es muy enriquecedor para todos quienes se acercan al mundo de la adopci\u00f3n, bien sea nacional o internacional .<\/p>\n<p class=\"Verdana14px_marron\" align=\"justify\">Las familias que formamos <strong><span class=\"naranja_18\">UME ALAIA<\/span><\/strong> pensamos que ser padre y madre, adem\u00e1s de compartir lazos biol\u00f3gicos, significa comprender que tambi\u00e9n los hijos nacen en el coraz\u00f3n e independientemente de su procedencia, lo que nos hace padres y madres es el cari\u00f1o, la entrega y la dedicaci\u00f3n diaria.<\/p>\n","protected":false},"excerpt":{"rendered":"<p>Somos un grupo de padres y madres adoptantes que de manera voluntaria y no lucrativa dedicamos parte de nuestro tiempo a un proyecto asociativo, que a nuestro entender, es muy enriquecedor para todos quienes se acercan al mundo de la adopci\u00f3n, bien sea nacional o internacional . Las familias que formamos UME ALAIA pensamos que [&hellip;]<\/p>\n","protected":false},"author":1,"featured_media":0,"parent":0,"menu_order":0,"comment_status":"closed","ping_status":"closed","template":"","meta":{"_acf_changed":false,"footnotes":""},"class_list":["post-30","page","type-page","status-publish","hentry"],"acf":[],"_links":{"self":[{"href":"https:\/\/www.umealaia.org\/bizkaia\/wp-json\/wp\/v2\/pages\/30","targetHints":{"allow":["GET"]}}],"collection":[{"href":"https:\/\/www.umealaia.org\/bizkaia\/wp-json\/wp\/v2\/pages"}],"about":[{"href":"https:\/\/www.umealaia.org\/bizkaia\/wp-json\/wp\/v2\/types\/page"}],"author":[{"embeddable":true,"href":"https:\/\/www.umealaia.org\/bizkaia\/wp-json\/wp\/v2\/users\/1"}],"replies":[{"embeddable":true,"href":"https:\/\/www.umealaia.org\/bizkaia\/wp-json\/wp\/v2\/comments?post=30"}],"version-history":[{"count":3,"href":"https:\/\/www.umealaia.org\/bizkaia\/wp-json\/wp\/v2\/pages\/30\/revisions"}],"predecessor-version":[{"id":224,"href":"https:\/\/www.umealaia.org\/bizkaia\/wp-json\/wp\/v2\/pages\/30\/revisions\/224"}],"wp:attachment":[{"href":"https:\/\/www.umealaia.org\/bizkaia\/wp-json\/wp\/v2\/media?parent=30"}],"curies":[{"name":"wp","href":"https:\/\/api.w.org\/{rel}","templated":true}]}}